{"id":1408,"date":"2015-02-05T22:03:00","date_gmt":"2015-02-05T21:03:00","guid":{"rendered":"http:\/\/www.ratkayimola.hu\/wp\/?page_id=1408"},"modified":"2026-04-08T08:30:42","modified_gmt":"2026-04-08T07:30:42","slug":"oneletrajz","status":"publish","type":"page","link":"https:\/\/www.ratkayimola.hu\/?page_id=1408","title":{"rendered":"\u00d6n\u00e9letrajz"},"content":{"rendered":"<p>N\u00e9v: <strong>Dr. Traubn\u00e9 Dr. Ratkay Imola<a href=\"http:\/\/www.ratkayimola.hu\/wp-content\/uploads\/2015\/02\/IMG_2610cre.jpg\"><img loading=\"lazy\" decoding=\"async\" class=\"alignright size-medium wp-image-1998\" src=\"http:\/\/www.ratkayimola.hu\/wp-content\/uploads\/2015\/02\/IMG_2610cre-199x300.jpg\" alt=\"IMG_2610cre\" width=\"199\" height=\"300\" srcset=\"https:\/\/www.ratkayimola.hu\/wp-content\/uploads\/2015\/02\/IMG_2610cre-199x300.jpg 199w, https:\/\/www.ratkayimola.hu\/wp-content\/uploads\/2015\/02\/IMG_2610cre-682x1024.jpg 682w, https:\/\/www.ratkayimola.hu\/wp-content\/uploads\/2015\/02\/IMG_2610cre-624x936.jpg 624w, https:\/\/www.ratkayimola.hu\/wp-content\/uploads\/2015\/02\/IMG_2610cre.jpg 1267w\" sizes=\"auto, (max-width: 199px) 100vw, 199px\" \/><\/a><\/strong><\/p>\n<p>\u00c1llampolg\u00e1rs\u00e1g: magyar<\/p>\n<p>Foglalkoz\u00e1s: szem\u00e9sz szakorvos<\/p>\n<p>Beoszt\u00e1s:<strong> F\u0151orvos, Ph. D., Orvos Igazgat\u00f3<\/strong><\/p>\n<p>Munkahely:<\/p>\n<ul>\n<li>Szegedi Tudom\u00e1ny Egyetem (<strong>SZTE<\/strong>) Szem\u00e9szeti Klinika<\/li>\n<li>Dunakanyar Orvosi Centrum (<strong>DOC<\/strong>), Szentendre<\/li>\n<li><strong>V\u00edzi\u00f3-Med<\/strong> Szem\u00e9szet, Budapest<\/li>\n<li><strong>Mediversal-Vision<\/strong>, Szeged<\/li>\n<\/ul>\n<h3>K\u00e9pz\u00e9sek<\/h3>\n<p>2001. 05. 31. <strong>PhD <\/strong>disszert\u00e1ci\u00f3 megv\u00e9d\u00e9se (SZTE)<\/p>\n<p style=\"text-align: justify;\"><strong>&#8222;Studies on ophthalmic surface laser surgery and corneal regeneration following excimer laser treatment&#8221;<\/strong><\/p>\n<p>1996-2000 SZOTE &#8211; Ph.D. hallgat\u00f3ja<\/p>\n<p>1993. Szem\u00e9szeti szakvizsga<\/p>\n<p>1987. \u00c1OK Diploma<\/p>\n<p>1981-1987 SZOTE &#8211; \u00c1ltal\u00e1nos Orvosi Kar<\/p>\n<h3>Munkahelyek<\/h3>\n<table border=\"0\" width=\"700\">\n<tbody>\n<tr>\n<td width=\"105\"><a href=\"http:\/\/www.ratkayimola.hu\/wp-content\/uploads\/2015\/02\/szte-logo.jpg\"><img loading=\"lazy\" decoding=\"async\" class=\"alignleft wp-image-2417\" src=\"http:\/\/www.ratkayimola.hu\/wp-content\/uploads\/2015\/02\/szte-logo.jpg\" alt=\"aura\" width=\"75\" height=\"38\"><\/a><\/td>\n<td style=\"vertical-align: middle;\"><strong>2023 &#8211; SZTE &amp; Mediversal Vision <\/strong>&#8211; oktat\u00f3 &#8211; l\u00e9zeres csoport vezet\u0151 f\u0151orvos, szakmai vezet\u0151<\/td>\n<\/tr>\n<tr>\n<td width=\"105\"><a href=\"http:\/\/www.ratkayimola.hu\/wp-content\/uploads\/2020\/11\/viziomed-logo.png\"><img loading=\"lazy\" decoding=\"async\" class=\"alignleft wp-image-2417\" src=\"http:\/\/www.ratkayimola.hu\/wp-content\/uploads\/2020\/11\/viziomed-logo.png\" alt=\"aura\" width=\"75\" height=\"38\"><\/a><\/td>\n<td style=\"vertical-align: middle;\"><strong>2020 &#8211; V\u00edzi\u00f3-Med <\/strong>Szem\u00e9szet &amp; Plasztikai Seb\u00e9szet, <strong>Budapest<\/strong> &#8211; szem\u00e9sz f\u0151orvos<\/td>\n<\/tr>\n<tr>\n<td width=\"105\"><a href=\"http:\/\/www.ratkayimola.hu\/wp-content\/uploads\/2015\/02\/szte-logo.jpg\"><img loading=\"lazy\" decoding=\"async\" class=\"alignleft wp-image-2417\" src=\"http:\/\/www.ratkayimola.hu\/wp-content\/uploads\/2015\/02\/szte-logo.jpg\" alt=\"aura\" width=\"75\" height=\"38\"><\/a><\/td>\n<td style=\"vertical-align: middle;\"><strong>2018 &#8211; Szegedi Tudom\u00e1nyegyetem SZTE<\/strong> &#8211; oktat\u00f3<\/td>\n<\/tr>\n<tr>\n<td width=\"105\"><a href=\"http:\/\/www.ratkayimola.hu\/wp-content\/uploads\/2015\/02\/rvo1.jpg\"><img loading=\"lazy\" decoding=\"async\" class=\"alignleft size-full wp-image-2409\" src=\"http:\/\/www.ratkayimola.hu\/wp-content\/uploads\/2015\/02\/rvo1.jpg\" alt=\"rvo\" width=\"89\" height=\"45\"><\/a><\/td>\n<td style=\"vertical-align: middle;\"><strong>2010<\/strong> &#8211; Revision Optics (<strong>RVO<\/strong>), Lake Forest, CA, USA \u2013 tudom\u00e1nyos szaktan\u00e1csad\u00f3 <strong>Presbyopia<\/strong> m\u0171t\u00e9ti kezel\u00e9se <strong>Raindrop<\/strong> inlay be\u00fcltet\u00e9s\u00e9vel a corne\u00e1ba. <strong>Eur\u00f3p\u00e1ban els\u0151k\u00e9nt<\/strong> v\u00e9geztem Budapesten Presbylens=Vue+=Raindrop mikrolencse be\u00fcltet\u00e9s\u00e9t \u00f6regszem\u0171s\u00e9g kezel\u00e9s\u00e9re.<\/td>\n<\/tr>\n<tr>\n<td width=\"105\"><a href=\"http:\/\/www.ratkayimola.hu\/wp-content\/uploads\/2015\/02\/aura2.jpg\"><img loading=\"lazy\" decoding=\"async\" class=\"alignleft size-full wp-image-2417\" src=\"http:\/\/www.ratkayimola.hu\/wp-content\/uploads\/2015\/02\/aura2.jpg\" alt=\"aura\" width=\"89\" height=\"45\"><\/a><\/td>\n<td style=\"vertical-align: middle;\"><strong>2006 &#8211; Aura <\/strong>Plasztikai &amp;<strong> Refrakt\u00edv Seb\u00e9szet<\/strong>&nbsp;<strong>Margitsziget, <\/strong>Budapest &#8211; l\u00e9zeres szemseb\u00e9sz<\/td>\n<\/tr>\n<tr>\n<td width=\"105\"><strong><a href=\"http:\/\/www.ratkayimola.hu\/wp-content\/uploads\/2015\/02\/doc4.jpg\"><img loading=\"lazy\" decoding=\"async\" class=\"alignleft size-full wp-image-2410\" src=\"http:\/\/www.ratkayimola.hu\/wp-content\/uploads\/2015\/02\/doc4.jpg\" alt=\"doc\" width=\"89\" height=\"45\"><\/a><\/strong><\/td>\n<td style=\"vertical-align: middle;\">2004 &#8211; Dunakanyar Orvosi Centrum (<strong>DOC<\/strong>), Szentendre &#8211; szem\u00e9sz f\u0151orvos, orvos igazgat\u00f3<\/td>\n<\/tr>\n<tr>\n<td colspan=\"2\" align=\"middle\"><strong><a href=\"http:\/\/www.ratkayimola.hu\/wp-content\/uploads\/2015\/02\/intralase1.jpg\"><img loading=\"lazy\" decoding=\"async\" class=\"alignleft size-full wp-image-2411\" src=\"http:\/\/www.ratkayimola.hu\/wp-content\/uploads\/2015\/02\/intralase1.jpg\" alt=\"intralase\" width=\"89\" height=\"45\"><\/a>1998-2006<\/strong> <strong>IntraLase<\/strong> Corp., Irvine, CA, USA &#8211; tudom\u00e1nyos szaktan\u00e1csad\u00f3<br \/>\n<strong>A vil\u00e1gon els\u0151k\u00e9nt<\/strong> haszn\u00e1ltam a <strong>Femtoszekundumos l\u00e9zert<\/strong> a szaruh\u00e1rty\u00e1ban lebenyv\u00e1g\u00e1sra: <strong>IntraLasik<\/strong>, FLK. El\u0151sz\u00f6r k\u00e9sz\u00edtett\u00fcnk Femtoszekundumos l\u00e9zerrel a corne\u00e1ban bemeneti ny\u00edl\u00e1st \u00e9s alag\u00fatv\u00e1g\u00e1st<strong> intracorne\u00e1lis gy\u0171r\u0171<\/strong>-be\u00fcltet\u00e9s\u00e9hez (<strong>ICR<\/strong>).<\/td>\n<\/tr>\n<tr>\n<td align=\"middle\" width=\"105\"><strong><a href=\"http:\/\/www.ratkayimola.hu\/wp-content\/uploads\/2015\/02\/focusmedical1.jpg\"><img loading=\"lazy\" decoding=\"async\" class=\"alignleft size-full wp-image-2412\" src=\"http:\/\/www.ratkayimola.hu\/wp-content\/uploads\/2015\/02\/focusmedical1.jpg\" alt=\"focusmedical\" width=\"89\" height=\"45\"><\/a><\/strong><\/td>\n<td style=\"vertical-align: middle;\">1997-2005 <strong>Focus Medical<\/strong> L\u00e9zer K\u00f6zpont&nbsp;&#8211; l\u00e9zeres csoport f\u0151orvosa<br \/>\n1996. Focus Medical &#8211; mag\u00e1n szem\u00e9sz-szemseb\u00e9sz<\/td>\n<\/tr>\n<tr>\n<td colspan=\"2\" align=\"middle\"><strong><a href=\"http:\/\/www.ratkayimola.hu\/wp-content\/uploads\/2015\/02\/szote1.jpg\"><img loading=\"lazy\" decoding=\"async\" class=\"alignleft size-full wp-image-2413\" src=\"http:\/\/www.ratkayimola.hu\/wp-content\/uploads\/2015\/02\/szote1.jpg\" alt=\"szote\" width=\"89\" height=\"45\"><\/a><\/strong>1993. <strong>SZOTE Szem\u00e9szeti Klinika<\/strong> &#8211; egyetemi tan\u00e1rseg\u00e9d<br \/>\n1992. SZOTE Szem\u00e9szeti Klinika &#8211; klinikai orvos<br \/>\n1987. SZOTE Szem\u00e9szeti Klinika &#8211; k\u00f6zponti gyakornok<\/td>\n<\/tr>\n<\/tbody>\n<\/table>\n<h3>Oktat\u00e1s<\/h3>\n<p>2019 &#8211; <strong>Optometrist\u00e1k<\/strong> elm\u00e9leti szem\u00e9szeti k\u00e9pz\u00e9se (<strong>SOTE<\/strong>)<\/p>\n<p>2018 &#8211; <strong>Orvostanhallgat\u00f3k<\/strong> elm\u00e9leti szem\u00e9szeti k\u00e9pz\u00e9se (<strong>SZTE<\/strong>)<\/p>\n<p><strong>1998 &#8211; 2006 IntraLase Corp<\/strong>., Irvine, CA, USA &#8211; tudom\u00e1nyos szaktan\u00e1csad\u00f3. <strong>A vil\u00e1gon els\u0151k\u00e9nt<\/strong> haszn\u00e1ltam a<strong> Femtoszekundumos l\u00e9zert<\/strong> a szaruh\u00e1rty\u00e1ban&nbsp;lebenyv\u00e1g\u00e1sra: <strong>IntraLasik=FemtoLasik<\/strong>, \u00e9s lebenyv\u00e1g\u00e1sra + a szaruh\u00e1rtya&nbsp;strom\u00e1j\u00e1b\u00f3l kis lencse elt\u00e1vol\u00edt\u00e1s\u00e1ra (<strong>FLK<\/strong>, mely elj\u00e1r\u00e1snak a Zeiss <strong>ReLEx&nbsp;SMILE<\/strong> a tov\u00e1bbfejlesztett v\u00e1ltozata). El\u0151sz\u00f6r k\u00e9sz\u00edtett\u00fcnk Femtoszekundumos&nbsp;l\u00e9zerrel a corne\u00e1ban bemeneti ny\u00edl\u00e1st \u00e9s alag\u00fatv\u00e1g\u00e1st<strong> intracorne\u00e1lis&nbsp;gy\u0171r\u0171<\/strong>-be\u00fcltet\u00e9s\u00e9hez (<strong>ICR<\/strong>).<\/p>\n<p>1995 &#8211; 1997&nbsp;<strong>Fogorvostanhallgat\u00f3k<\/strong> elm\u00e9leti \u00e9s gyakorlati k\u00e9pz\u00e9se (<strong>SZOTE<\/strong>)<\/p>\n<p>1987 &#8211; 1996 <strong>Orvostanhallgat\u00f3k <\/strong>szem\u00e9szeti gyakorlati k\u00e9pz\u00e9se (<strong>SZOTE<\/strong>)<\/p>\n<h3>Tags\u00e1gok<\/h3>\n<p>2002 &#8211; 2010: <strong>ISRS<\/strong> Nemzetk\u00f6zi Tan\u00e1csban Magyarorsz\u00e1g K\u00e9pvisel\u0151je<\/p>\n<p>1999: <strong>ISRS<\/strong> (International Society of Refractiv Surgeons)<\/p>\n<p>1997: <strong>AAO<\/strong> (American Academy of Ophthalmology)<\/p>\n<p>1997: <strong>ESCRS<\/strong> (European Society of Cararact and Refractive Surgeons)<\/p>\n<p>1997: <strong>SHIOL<\/strong> (Magyar M\u0171lencse Implant\u00e1ci\u00f3s \u00e9s Refrakt\u00edv Seb\u00e9szeti T\u00e1rsas\u00e1g)<\/p>\n<p>1995: <strong>Magyar Kontaktlencse T\u00e1rsas\u00e1g<\/strong><\/p>\n<p>1994: <strong>ARVO <\/strong>(Association for Research in Vision and Ophthalmology)<\/p>\n<p>1993: <strong>N\u00e9met Szemorvost\u00e1rsas\u00e1g<\/strong><\/p>\n<p>1987: <strong>Magyar Szemorvost\u00e1rsas\u00e1g<\/strong><\/p>\n<p>1987: <strong>MOTESZ<\/strong><\/p>\n<h3>Nyelvismeret: angol, n\u00e9met, orosz<\/h3>\n<h3>Kutat\u00e1si ter\u00fclet<\/h3>\n<p>1. <strong>Femtoszekundumos l\u00e9zer<\/strong><\/p>\n<ul>\n<li>Femtoszekundumos l\u00e9zer a refrakt\u00edv seb\u00e9szetben (<strong>IntraLasik<\/strong>, <strong>ICR<\/strong>, FLK, intrastrom\u00e1lis abl\u00e1ci\u00f3)<\/li>\n<li>Femtoszekundumos l\u00e9zer tov\u00e1bbi kezel\u00e9si lehet\u0151s\u00e9gei a szem\u00e9szetben.<\/li>\n<\/ul>\n<p>Vil\u00e1gels\u0151k\u00e9nt teszteltem a Pulsion FS 1 protot\u00edpus\u00fa lasert a <strong>refrakt\u00edv seb\u00e9szet<\/strong>ben \u00e9s ezen eredm\u00e9nyek birtok\u00e1ban kapta meg az &#8222;IntraLase&#8221; c\u00e9g az <strong>FDA<\/strong> enged\u00e9lyt.<\/p>\n<p>2. Az \u00e9p \u00e9s <strong>regener\u00e1l\u00f3d\u00f3 cornea<\/strong> h\u00e1m <strong>immunhisztok\u00e9miai<\/strong> \u00e9s ultrastruktur\u00e1lis tanulm\u00e1nyoz\u00e1sa<\/p>\n<ul>\n<li>Human cornea h\u00e1m sejtkapcsol\u00f3 strukt\u00far\u00e1inak v\u00e1ltoz\u00e1sa a korral<\/li>\n<li>Cornea h\u00e1m regener\u00e1ci\u00f3ja <strong>excimer l\u00e9zer<\/strong> <strong>kezel\u00e9s<\/strong> kapcs\u00e1n<\/li>\n<\/ul>\n<p>3 . <strong>Excimer l\u00e9zer<\/strong><\/p>\n<ul>\n<li>Az UV l\u00e9zersug\u00e1rz\u00e1s hat\u00e1sa a szemgoly\u00f3 sz\u00f6veteire<\/li>\n<li>A <strong>szaruh\u00e1rtya sebgy\u00f3gyul\u00e1sa<\/strong> excimer l\u00e9zeres kezel\u00e9st k\u00f6vet\u0151en<\/li>\n<\/ul>\n<p>4. <strong>Presbyopia<\/strong> kezel\u00e9se corne\u00e1lis inlayek be\u00fcltet\u00e9s\u00e9vel:<\/p>\n<ul>\n<li>K\u00fcl\u00f6nb\u00f6z\u0151 t\u00edpus\u00fa corne\u00e1lis lencs\u00e9k tesztel\u00e9se az \u00f6regszem\u0171s\u00e9g kezel\u00e9s\u00e9re<\/li>\n<\/ul>\n<p>Eur\u00f3p\u00e1ban el\u0151sz\u00f6r \u00fcltettem be Presbylens &#8211; Raindrop mikrolencs\u00e9t tesztelve a hat\u00e9konys\u00e1gukat, korai \u00e9s k\u00e9s\u0151i elv\u00e1ltoz\u00e1saikat a szaruh\u00e1rty\u00e1ban.<\/p>\n<!-- Facebook Members Plugin by Crunchify: http:\/\/Crunchify.com\/facebook-members\/ -->\r\n\t\t<div class=\"fb-recommendations-bar\" data-href=\"https:\/\/www.ratkayimola.hu\/?page_id=1408\" data-read-time=\"5\" data-side=\"\" data-action=\"like\"><\/div>","protected":false},"excerpt":{"rendered":"<p>N\u00e9v: Dr. Traubn\u00e9 Dr. Ratkay Imola \u00c1llampolg\u00e1rs\u00e1g: magyar Foglalkoz\u00e1s: szem\u00e9sz szakorvos Beoszt\u00e1s: F\u0151orvos, Ph. D., Orvos Igazgat\u00f3 Munkahely: Szegedi Tudom\u00e1ny Egyetem (SZTE) Szem\u00e9szeti Klinika Dunakanyar Orvosi Centrum (DOC), Szentendre V\u00edzi\u00f3-Med Szem\u00e9szet, Budapest Mediversal-Vision, Szeged K\u00e9pz\u00e9sek 2001. 05. 31. PhD disszert\u00e1ci\u00f3 megv\u00e9d\u00e9se (SZTE) &#8222;Studies on ophthalmic surface laser surgery and corneal regeneration following excimer laser treatment&#8221; [&hellip;]<\/p>\n","protected":false},"author":1,"featured_media":0,"parent":0,"menu_order":0,"comment_status":"closed","ping_status":"closed","template":"","meta":{"ngg_post_thumbnail":0,"footnotes":""},"class_list":["post-1408","page","type-page","status-publish","hentry"],"_links":{"self":[{"href":"https:\/\/www.ratkayimola.hu\/index.php?rest_route=\/wp\/v2\/pages\/1408","targetHints":{"allow":["GET"]}}],"collection":[{"href":"https:\/\/www.ratkayimola.hu\/index.php?rest_route=\/wp\/v2\/pages"}],"about":[{"href":"https:\/\/www.ratkayimola.hu\/index.php?rest_route=\/wp\/v2\/types\/page"}],"author":[{"embeddable":true,"href":"https:\/\/www.ratkayimola.hu\/index.php?rest_route=\/wp\/v2\/users\/1"}],"replies":[{"embeddable":true,"href":"https:\/\/www.ratkayimola.hu\/index.php?rest_route=%2Fwp%2Fv2%2Fcomments&post=1408"}],"version-history":[{"count":100,"href":"https:\/\/www.ratkayimola.hu\/index.php?rest_route=\/wp\/v2\/pages\/1408\/revisions"}],"predecessor-version":[{"id":3140,"href":"https:\/\/www.ratkayimola.hu\/index.php?rest_route=\/wp\/v2\/pages\/1408\/revisions\/3140"}],"wp:attachment":[{"href":"https:\/\/www.ratkayimola.hu\/index.php?rest_route=%2Fwp%2Fv2%2Fmedia&parent=1408"}],"curies":[{"name":"wp","href":"https:\/\/api.w.org\/{rel}","templated":true}]}}