{"id":1711,"date":"2015-03-06T14:22:43","date_gmt":"2015-03-06T13:22:43","guid":{"rendered":"http:\/\/www.ratkayimola.hu\/wp\/?page_id=1711"},"modified":"2020-03-19T13:49:14","modified_gmt":"2020-03-19T12:49:14","slug":"udvozlom-a-honlapomon","status":"publish","type":"page","link":"https:\/\/www.ratkayimola.hu\/?page_id=1711","title":{"rendered":"\u00dcdv\u00f6zl\u00f6m a honlapomon!"},"content":{"rendered":"<p style=\"text-align: justify;\">El\u00f6lj\u00e1r\u00f3ban n\u00e9h\u00e1ny sz\u00f3 magamr\u00f3l \u00e9s a munk\u00e1mr\u00f3l.<\/p>\n<p style=\"text-align: justify;\">Szegeden v\u00e9geztem az Orvostudom\u00e1nyi Egyetemet.<img decoding=\"async\" class=\"alignright\" src=\"http:\/\/www.ratkayimola.hu\/img\/2.png\" alt=\"\" width=\"250\" align=\"right\" \/> V\u00e9gz\u00e9s ut\u00e1n a Szem\u00e9szeti Klinik\u00e1ra ker\u00fcltem, ahol igen hamar, 1992-ben bekapcsol\u00f3dhattam az <strong>els\u0151 magyarorsz\u00e1gi excimer l\u00e9zeres kutat\u00f3 csoport<\/strong> munk\u00e1j\u00e1ba. Olyan prominens egy\u00e9nis\u00e9gekkel kutathattam egy\u00fctt, mint S\u00fcveges Ildik\u00f3, Hammer Helga, Kolozsv\u00e1ri Lajos, Facsk\u00f3 Andrea, Bor Zsolt, Szab\u00f3 G\u00e1bor professzorok, akiket az\u00f3ta is tan\u00edt\u00f3mestereimnek tekintek. A szakma elsaj\u00e1t\u00edt\u00e1s\u00e1ban sokat k\u00f6sz\u00f6nhetek Sziklai P\u00e1l, De\u00e1k Andrea, Jan\u00e1ky M\u00e1rta \u00e9s V\u00e9gh Mih\u00e1ly tan\u00e1roknak.<\/p>\n<p style=\"text-align: justify;\">1994-es m\u00fcnsteri tanulm\u00e1nyutam alkalm\u00e1val saj\u00e1t\u00edtottam el t\u00f6bb \u00faj m\u0171t\u00e9ti elj\u00e1r\u00e1st a <strong>szemh\u00e9jplasztik\u00e1k<\/strong>, illetve az e<strong>xcimeres l\u00e9zeres ter\u00e1pi\u00e1s \u00e9s refrakt\u00edv seb\u00e9szeti beavatkoz\u00e1sok (PTK, PRK)<\/strong> ter\u00fclet\u00e9n, mely\u00e9rt h\u00e1l\u00e1s sz\u00edvvel gondolok vissza Holger Busse, Theo Seiler \u00e9s Werner F\u00f6rster professzorokra.<\/p>\n<p style=\"text-align: justify;\">1998-ban az <strong>els\u0151k k\u00f6z\u00f6tt vezettem be Magyarorsz\u00e1gon a LASIK t\u00edpus\u00fa m\u0171t\u00e9teket<\/strong> Ronald Kr\u00fcger professzor (Clevelend) \u00e9s Hassan Ziad (Debrecen) r\u00e9szv\u00e9tel\u00e9vel. Ezzel az elj\u00e1r\u00e1ssal a szem f\u00e9nyt\u00f6r\u00e9si hib\u00e1it &#8211; amelyek lehetnek r\u00f6vid- \u00e9s t\u00fall\u00e1t\u00e1si vagy szaruh\u00e1rtya-g\u00f6rb\u00fcleti elv\u00e1ltoz\u00e1sok &#8211; lehet j\u00f3 eredm\u00e9nnyel jav\u00edtani.<\/p>\n<p style=\"text-align: justify;\">Az elm\u00falt 16 \u00e9vben t\u00f6bb, mint <strong>14.000 sikeres m\u0171t\u00e9tet<\/strong> v\u00e9geztem \u00fagy a refrakt\u00edv seb\u00e9szet (PRK, PTK, LASIK, IntraLasik, Raindroplens implantation), mint a szemh\u00e9jplasztika ter\u00e9n.<\/p>\n<p style=\"text-align: justify;\">Az \u00faj m\u0171t\u00e9ti technik\u00e1k bevezet\u00e9se mellett lehet\u0151s\u00e9gem ny\u00edlt nemzetk\u00f6zi kutat\u00e1sokban t\u00f6rt\u00e9n\u0151 r\u00e9szv\u00e9telre is. 1997-ben el\u0151sz\u00f6r \u00e1llatk\u00eds\u00e9rleteket v\u00e9geztem Ann Arborban, MI az USA-ban, majd a <strong>vil\u00e1gon els\u0151k\u00e9nt <\/strong>teszteltem human szemeken 1998-&#8217;99-ben a Juh\u00e1sz Tibor professzor (Michigan) \u00e1ltal kifejlesztett <strong>femtoszekundumos l\u00e9zert<\/strong> Budapesten. Ezen kutat\u00e1sok eredm\u00e9nyek\u00e9nt kapta meg az IntraLase c\u00e9g az <strong>FDA<\/strong> enged\u00e9lyt az USA-ban az <strong>IntraLasik<\/strong> t\u00edpus\u00fa m\u0171t\u00e9tre, mellyel az eltelt 10 \u00e9v alatt t\u00f6bb milli\u00f3 beavatkoz\u00e1st v\u00e9geztek vil\u00e1gszerte.<\/p>\n<p style=\"text-align: justify;\">Az elj\u00e1r\u00e1ssal <strong>r\u00f6vidl\u00e1t\u00e1st, t\u00e1voll\u00e1t\u00e1st, szemtengely-ferd\u00fcl\u00e9st<\/strong> lehet kezelni, szaruh\u00e1rty\u00e1t lehet \u00e1t\u00fcltetni sokkal hat\u00e9konyabban, prec\u00edzebben, mint az eddig haszn\u00e1lt beavatkoz\u00e1sokkal.<\/p>\n<p style=\"text-align: justify;\">Szerettem volna el\u00e9rni, hogy a femtoszekundumos corne\u00e1lis l\u00e9zeres m\u0171t\u00e9ti elj\u00e1r\u00e1soknak, illetve a tov\u00e1bbi kutat\u00e1soknak az eur\u00f3pai k\u00f6zpontja Magyarorsz\u00e1gon legyen. Ez r\u00e9szben meg is val\u00f3sult, mert az 1998 \u00e9s 1999 k\u00f6z\u00f6tt Magyarorsz\u00e1gon kipr\u00f3b\u00e1lt szaruh\u00e1rtya m\u0171t\u00e9teket sok szem\u00e9szeti c\u00e9g alkalmazza \u00e9s tov\u00e1bb is fejlesztette napjainkban, \u00fagymint: lebenyk\u00e9sz\u00edt\u00e9s LASIK t\u00edpus\u00fa beavatkoz\u00e1sokn\u00e1l \u00e9s intracorne\u00e1lislencse (inlay) be\u00fcltet\u00e9sekn\u00e9l, lamell\u00e1ris keratoplasztik\u00e1kn\u00e1l, alag\u00fat-k\u00e9sz\u00edt\u00e9s intracorne\u00e1lisgy\u0171r\u0171 (ICR) be\u00fcltet\u00e9s\u00e9n\u00e9l, szaruh\u00e1rty\u00e1b\u00f3l t\u00f6rt\u00e9n\u0151 lencsekiv\u00e1g\u00e1s vagy femtoszekundumos intrastr\u00f3m\u00e1lis l\u00e9zeres kezel\u00e9s refrakt\u00edv c\u00e9lb\u00f3l.<\/p>\n<p style=\"text-align: justify;\">A kutat\u00e1si eredm\u00e9nyeimet \u00f6sszegezve &#8211; a k\u00fcl\u00f6nb\u00f6z\u0151 l\u00e9zeres beavatkoz\u00e1sokat k\u00f6vet\u0151 szaruh\u00e1rtya sebgy\u00f3gyul\u00e1s\u00e1val kapcsolatosan &#8211; 2001-ben <strong>Ph.D. min\u0151s\u00edt\u00e9st<\/strong> kaptam a Szegedi Tudom\u00e1ny Egyetemen. Ez\u00faton is k\u00f6sz\u00f6netemet fejezem ki Kren\u00e1cs Tibor \u00e9s Dux L\u00e1szl\u00f3 professzornak, akik mint t\u00e9ma ill. program vezet\u0151im maxim\u00e1lis t\u00e1mogat\u00e1sban r\u00e9szes\u00edtettek.<\/p>\n<p style=\"text-align: justify;\"><strong>Tanulm\u00e1ny\u00fatjaim<\/strong> k\u00f6z\u00f6tt szerepel M\u00fcnster, Aschaffenburg, Graz, B\u00e9cs, M\u00fcnchen, Drezda, Salzburg, Moszkva, Cheboksari, R\u00f3ma, Milan\u00f3, Jeruzs\u00e1lem, Alicante, Barcelona, P\u00e1rizs, San Diego, Ann Arbor, Dallas, San Francisco, N\u00fcnberg, Regensburg \u00e9s Irvine, ahol t\u00f6bbnyire l\u00e9zeres l\u00e1t\u00e1sjav\u00edt\u00f3 refrakt\u00edv seb\u00e9szeti \u00e9s szemh\u00e9jplasztikai k\u00e9rd\u00e9seket tanulm\u00e1nyoztam.<\/p>\n<p style=\"text-align: justify;\">K\u00f6sz\u00f6n\u00f6m megtisztel\u0151 bar\u00e1ts\u00e1g\u00e1t Michael Blumenthalnak (+), Joseph Colinnak (+), Svyatoslav Fyodorovnak (+), Jorge Alionak, Perry S. Bindernek \u00e9s Lucio Burattonak, hogy \u00fagy szakmailag, mint emberileg tanulhattam t\u0151l\u00fck \u00e9s t\u00e1mogattak p\u00e1ly\u00e1m sor\u00e1n.<\/p>\n<p>B\u00fcszkes\u00e9ggel t\u00f6lt el, hogy Magyarorsz\u00e1g nemcsak a femtoszekundumos szaruh\u00e1rtya seb\u00e9szetben v\u00e9gzett \u0171tt\u00f6r\u0151 kutat\u00e1sokat \u00e9s m\u0171t\u00e9teket, de Juh\u00e1sz Tibor professzor \u00far (Irvine) j\u00f3volt\u00e1b\u00f3l 10 \u00e9vvel k\u00e9s\u0151bb a femtoszekundumos l\u00e9zer a sz\u00fcrkeh\u00e1lyog m\u0171t\u00e9tekn\u00e9l is vil\u00e1gels\u0151k\u00e9nt ker\u00fclhetett bevezet\u00e9sre.<\/p>\n<!-- Facebook Members Plugin by Crunchify: http:\/\/Crunchify.com\/facebook-members\/ -->\r\n\t\t<div class=\"fb-recommendations-bar\" data-href=\"https:\/\/www.ratkayimola.hu\/?page_id=1711\" data-read-time=\"5\" data-side=\"\" data-action=\"like\"><\/div>","protected":false},"excerpt":{"rendered":"<p>El\u00f6lj\u00e1r\u00f3ban n\u00e9h\u00e1ny sz\u00f3 magamr\u00f3l \u00e9s a munk\u00e1mr\u00f3l. Szegeden v\u00e9geztem az Orvostudom\u00e1nyi Egyetemet. V\u00e9gz\u00e9s ut\u00e1n a Szem\u00e9szeti Klinik\u00e1ra ker\u00fcltem, ahol igen hamar, 1992-ben bekapcsol\u00f3dhattam az els\u0151 magyarorsz\u00e1gi excimer l\u00e9zeres kutat\u00f3 csoport munk\u00e1j\u00e1ba. Olyan prominens egy\u00e9nis\u00e9gekkel kutathattam egy\u00fctt, mint S\u00fcveges Ildik\u00f3, Hammer Helga, Kolozsv\u00e1ri Lajos, Facsk\u00f3 Andrea, Bor Zsolt, Szab\u00f3 G\u00e1bor professzorok, akiket az\u00f3ta is tan\u00edt\u00f3mestereimnek tekintek. [&hellip;]<\/p>\n","protected":false},"author":1,"featured_media":0,"parent":0,"menu_order":0,"comment_status":"closed","ping_status":"closed","template":"","meta":{"ngg_post_thumbnail":0,"footnotes":""},"class_list":["post-1711","page","type-page","status-publish","hentry"],"_links":{"self":[{"href":"https:\/\/www.ratkayimola.hu\/index.php?rest_route=\/wp\/v2\/pages\/1711","targetHints":{"allow":["GET"]}}],"collection":[{"href":"https:\/\/www.ratkayimola.hu\/index.php?rest_route=\/wp\/v2\/pages"}],"about":[{"href":"https:\/\/www.ratkayimola.hu\/index.php?rest_route=\/wp\/v2\/types\/page"}],"author":[{"embeddable":true,"href":"https:\/\/www.ratkayimola.hu\/index.php?rest_route=\/wp\/v2\/users\/1"}],"replies":[{"embeddable":true,"href":"https:\/\/www.ratkayimola.hu\/index.php?rest_route=%2Fwp%2Fv2%2Fcomments&post=1711"}],"version-history":[{"count":12,"href":"https:\/\/www.ratkayimola.hu\/index.php?rest_route=\/wp\/v2\/pages\/1711\/revisions"}],"predecessor-version":[{"id":2718,"href":"https:\/\/www.ratkayimola.hu\/index.php?rest_route=\/wp\/v2\/pages\/1711\/revisions\/2718"}],"wp:attachment":[{"href":"https:\/\/www.ratkayimola.hu\/index.php?rest_route=%2Fwp%2Fv2%2Fmedia&parent=1711"}],"curies":[{"name":"wp","href":"https:\/\/api.w.org\/{rel}","templated":true}]}}