{"id":2049,"date":"2015-05-26T10:38:38","date_gmt":"2015-05-26T09:38:38","guid":{"rendered":"http:\/\/www.ratkayimola.hu\/wp\/?page_id=2049"},"modified":"2016-09-30T14:51:53","modified_gmt":"2016-09-30T13:51:53","slug":"shiol-emlekerem","status":"publish","type":"page","link":"https:\/\/www.ratkayimola.hu\/?page_id=2049","title":{"rendered":"SHIOL-eml\u00e9k\u00e9rem"},"content":{"rendered":"<p style=\"text-align: justify;\"><strong>A magyar l\u00e9zeres refrakt\u00edv seb\u00e9szet<a href=\"http:\/\/www.ratkayimola.hu\/wp-content\/uploads\/2015\/02\/shiol2.jpg\" target=\"_blank\"><img loading=\"lazy\" decoding=\"async\" class=\"alignright wp-image-1996 size-medium\" src=\"http:\/\/www.ratkayimola.hu\/wp-content\/uploads\/2015\/02\/shiol2-229x300.jpg\" alt=\"shiol2\" width=\"229\" height=\"300\" srcset=\"https:\/\/www.ratkayimola.hu\/wp-content\/uploads\/2015\/02\/shiol2-229x300.jpg 229w, https:\/\/www.ratkayimola.hu\/wp-content\/uploads\/2015\/02\/shiol2-782x1024.jpg 782w, https:\/\/www.ratkayimola.hu\/wp-content\/uploads\/2015\/02\/shiol2-624x817.jpg 624w, https:\/\/www.ratkayimola.hu\/wp-content\/uploads\/2015\/02\/shiol2.jpg 1267w\" sizes=\"auto, (max-width: 229px) 100vw, 229px\" \/><\/a> egy \u00fatt\u00f6r\u0151 szem\u00e9vel<\/strong><\/p>\n<p style=\"text-align: justify;\">Ratkay Imola<\/p>\n<ol>\n<li style=\"text-align: justify;\">Aura Plasztikai &amp; Refrakt\u00edv Seb\u00e9szeti Int\u00e9zet, Budapest<\/li>\n<li style=\"text-align: justify;\">Dunakanyar Orvosi Centrum, Szentendre<\/li>\n<li style=\"text-align: justify;\">SZTE Szem\u00e9szeti Klinika &amp; L\u00e9zerfizikai Tansz\u00e9ki Kutat\u00f3csoport<\/li>\n<\/ol>\n<p style=\"text-align: justify;\">A szerz\u0151 1990-ben Szegeden kapcsol\u00f3dott be az els\u0151 magyarorsz\u00e1gi excimer l\u00e9zeres &#8211; Bor Zsolt professzor vezette kutat\u00f3csoport munk\u00e1j\u00e1ba.<\/p>\n<p style=\"text-align: justify;\">1994-ben m\u00fcnsteri tanulm\u00e1ny\u00fatja sor\u00e1n saj\u00e1t\u00edtotta el a ter\u00e1pi\u00e1s (PTK) \u00e9s refrakt\u00edv (PRK) excimer l\u00e9zeres elj\u00e1r\u00e1sokat, melyeket hazat\u00e9rve Szegeden, k\u00e9s\u0151bb Budapesten v\u00e9gzett nagy esetsz\u00e1mban.<\/p>\n<p style=\"text-align: justify;\">1998-ban az els\u0151k k\u00f6z\u00f6tt vezette be haz\u00e1nkban a LASIK elj\u00e1r\u00e1st Ronald Kr\u00fcger professzor seg\u00edts\u00e9g\u00e9vel \u00e9s ugyanebben az \u00e9vben kezdte el a Juh\u00e1sz Tibor professzor \u00e1ltal kifejlesztett femtoszekundumos l\u00e9zert haszn\u00e1lni a szaruh\u00e1rtya-seb\u00e9szetben.<\/p>\n<p><a href=\"http:\/\/www.ratkayimola.hu\/wp-content\/uploads\/2015\/05\/IMG_2605cre.jpg\" target=\"_blank\"><img loading=\"lazy\" decoding=\"async\" class=\"alignleft wp-image-1996 size-medium\" src=\"http:\/\/www.ratkayimola.hu\/wp-content\/uploads\/2015\/05\/IMG_2605cre.jpg\" alt=\"shiol2\" width=\"229\" height=\"300\" \/><\/a><\/p>\n<p style=\"text-align: justify;\">A vil\u00e1gon el\u0151sz\u00f6r v\u00e9gzett a corne\u00e1n intrastrom\u00e1lis ablaci\u00f3t r\u00f6vidl\u00e1t\u00f3 \u00e9s t\u00fall\u00e1t\u00f3 p\u00e1ciensek kezel\u00e9s\u00e9re, intracorne\u00e1lis gy\u0171r\u0171be\u00fcltet\u00e9st (ICR), femtoszekundumos l\u00e9zerrel v\u00e1gott lebenyt IntraLasik m\u0171t\u00e9thez, illetve lebenyt \u00e9s intrastrom\u00e1lis lencs\u00e9t nagyfok\u00fa r\u00f6vidl\u00e1t\u00f3k kezel\u00e9s\u00e9re (femtoszekundumos keratomileusis=FLK).<\/p>\n<p style=\"text-align: justify;\">2001-ben ezen kutat\u00e1sok eredm\u00e9nyek\u00e9nt kapta meg az USA-ban az IntraLase c\u00e9g az FDA enged\u00e9lyt lebenyv\u00e1g\u00e1shoz (IntraLasik) \u00e9s cornea bemeneti ny\u00edl\u00e1s \u00e9s alag\u00fat v\u00e1g\u00e1s\u00e1hoz intracorne\u00e1lis gy\u0171r\u0171be\u00fcltet\u00e9shez (ICR). Napjainkra ezen elj\u00e1r\u00e1sokb\u00f3l m\u00e1r t\u00f6bb milli\u00f3t v\u00e9geznek vil\u00e1gszerte. A t\u00f6bbi elj\u00e1r\u00e1st k\u00fcl\u00f6nb\u00f6z\u0151 c\u00e9gek fejlesztett\u00e9k tov\u00e1bb, mint pl. az FLK az alapja a \u201esmile\u201d-nak.<\/p>\n<p style=\"text-align: justify;\">2001-ben szerezte meg a szerz\u0151 a k\u00fcl\u00f6nb\u00f6z\u0151 l\u00e9zeres elj\u00e1r\u00e1sokat k\u00f6vet\u0151 szaruh\u00e1rtya sebgy\u00f3gyul\u00e1sa c. disszert\u00e1ci\u00f3val a PhD fokozatot a Szegedi Tudom\u00e1ny Egyetemen.<\/p>\n<p style=\"text-align: justify;\">Kutat\u00f3 munk\u00e1ja k\u00e9s\u0151bb a Presbyopia fel\u00e9 fordult. 2005-ben a szemlencs\u00e9ben v\u00e9geztek femtoszekundumos kezel\u00e9seket, mellyel a k\u00fcsz\u00f6b energi\u00e1t tesztelt\u00e9k, majd az intracorne\u00e1lis inlay be\u00fcltet\u00e9sek hat\u00e1soss\u00e1g\u00e1t vizsg\u00e1lta.<\/p>\n<p style=\"text-align: justify;\">2010-ben Eur\u00f3p\u00e1ban els\u0151k\u00e9nt \u00fcltetett be Raindrop mikrolencs\u00e9t a szaruh\u00e1rty\u00e1ba \u00e9s r\u00f6vid \u2013 hossz\u00fat\u00e1v\u00fa eredm\u00e9nyeivel bizony\u00edtotta, hogy alternat\u00edv m\u0171t\u00e9ti lehet\u0151s\u00e9gk\u00e9nt szerepelhet az elj\u00e1r\u00e1s.<\/p>\n<h2 style=\"text-align: center;\">SHIOL Kongresszus &#8211; interj\u00fa<\/h2>\n<p style=\"text-align: center;\"><object type=\"application\/x-shockwave-flash\" width=\"625\" height=\"383\" data=\"http:\/\/getembedplus.com\/embedplus.swf\" id=\"ep4062\">\r<param value=\"http:\/\/getembedplus.com\/embedplus.swf\" name=\"movie\" \/>\r<param value=\"high\" name=\"quality\" \/>\r<param value=\"transparent\" name=\"wmode\" \/>\r<param value=\"always\" name=\"allowscriptaccess\" \/>\r<param value=\"true\" name=\"allowFullScreen\" \/>\r<param name=\"flashvars\" value=\"ytid=9oYLGFuxijo&width=625&height=351&start=&stop=&rs=w&hd=0&autoplay=0&react=1&chapters=&notes=&amp;rs=w\" \/>\r<iframe loading=\"lazy\" class=\"cantembedplus\" title=\"YouTube video player\" width=\"625\" height=\"351\" src=\"http:\/\/www.youtube.com\/embed\/9oYLGFuxijo?fs=1\" frameborder=\"0\" allowfullscreen><\/iframe>\r<\/object><\/p>\n<p style=\"text-align: center;\"><a href=\"http:\/\/www.ratkayimola.hu\/wp-content\/uploads\/2015\/03\/ratkay_SHIOL_szemeszet_2015_kicsi.pdf\" target=\"_blank\"><img loading=\"lazy\" decoding=\"async\" class=\"aligncenter wp-image-1996\" src=\"http:\/\/www.ratkayimola.hu\/wp-content\/uploads\/2015\/03\/ratkay_SHIOL.jpg\" alt=\"shiol2\" width=\"850\" height=\"1113\" \/><\/a><br \/>\nA k\u00e9pre kattintva nagyobb m\u00e9retben elolvashatja az interj\u00fat!<\/p>\n<p style=\"text-align: center;\">SHIOL-EML\u00c9K\u00c9REM prezent\u00e1ci\u00f3<\/p>\n<p style=\"text-align: center;\"><a href=\"http:\/\/www.ratkayimola.hu\/wp-content\/uploads\/2015\/05\/shiol.jpg\"><img loading=\"lazy\" decoding=\"async\" class=\"alignleft size-full wp-image-2559\" src=\"http:\/\/www.ratkayimola.hu\/wp-content\/uploads\/2015\/05\/shiol.jpg\" alt=\"shiol\" width=\"1050\" height=\"5462\" srcset=\"https:\/\/www.ratkayimola.hu\/wp-content\/uploads\/2015\/05\/shiol.jpg 1050w, https:\/\/www.ratkayimola.hu\/wp-content\/uploads\/2015\/05\/shiol-624x3245.jpg 624w\" sizes=\"auto, (max-width: 1050px) 100vw, 1050px\" \/><\/a><\/p>\n<p style=\"text-align: center;\"><em>Nagy Zolt\u00e1n Zsolt, Juh\u00e1sz Tibor, M\u00f3dis L\u00e1szl\u00f3<\/em><\/p>\n<!-- Facebook Members Plugin by Crunchify: http:\/\/Crunchify.com\/facebook-members\/ -->\r\n\t\t<div class=\"fb-recommendations-bar\" data-href=\"https:\/\/www.ratkayimola.hu\/?page_id=2049\" data-read-time=\"5\" data-side=\"\" data-action=\"like\"><\/div>","protected":false},"excerpt":{"rendered":"<p>A magyar l\u00e9zeres refrakt\u00edv seb\u00e9szet egy \u00fatt\u00f6r\u0151 szem\u00e9vel Ratkay Imola Aura Plasztikai &amp; Refrakt\u00edv Seb\u00e9szeti Int\u00e9zet, Budapest Dunakanyar Orvosi Centrum, Szentendre SZTE Szem\u00e9szeti Klinika &amp; L\u00e9zerfizikai Tansz\u00e9ki Kutat\u00f3csoport A szerz\u0151 1990-ben Szegeden kapcsol\u00f3dott be az els\u0151 magyarorsz\u00e1gi excimer l\u00e9zeres &#8211; Bor Zsolt professzor vezette kutat\u00f3csoport munk\u00e1j\u00e1ba. 1994-ben m\u00fcnsteri tanulm\u00e1ny\u00fatja sor\u00e1n saj\u00e1t\u00edtotta el a ter\u00e1pi\u00e1s (PTK) [&hellip;]<\/p>\n","protected":false},"author":1,"featured_media":0,"parent":0,"menu_order":0,"comment_status":"closed","ping_status":"closed","template":"","meta":{"ngg_post_thumbnail":0,"footnotes":""},"class_list":["post-2049","page","type-page","status-publish","hentry"],"_links":{"self":[{"href":"https:\/\/www.ratkayimola.hu\/index.php?rest_route=\/wp\/v2\/pages\/2049","targetHints":{"allow":["GET"]}}],"collection":[{"href":"https:\/\/www.ratkayimola.hu\/index.php?rest_route=\/wp\/v2\/pages"}],"about":[{"href":"https:\/\/www.ratkayimola.hu\/index.php?rest_route=\/wp\/v2\/types\/page"}],"author":[{"embeddable":true,"href":"https:\/\/www.ratkayimola.hu\/index.php?rest_route=\/wp\/v2\/users\/1"}],"replies":[{"embeddable":true,"href":"https:\/\/www.ratkayimola.hu\/index.php?rest_route=%2Fwp%2Fv2%2Fcomments&post=2049"}],"version-history":[{"count":19,"href":"https:\/\/www.ratkayimola.hu\/index.php?rest_route=\/wp\/v2\/pages\/2049\/revisions"}],"predecessor-version":[{"id":2560,"href":"https:\/\/www.ratkayimola.hu\/index.php?rest_route=\/wp\/v2\/pages\/2049\/revisions\/2560"}],"wp:attachment":[{"href":"https:\/\/www.ratkayimola.hu\/index.php?rest_route=%2Fwp%2Fv2%2Fmedia&parent=2049"}],"curies":[{"name":"wp","href":"https:\/\/api.w.org\/{rel}","templated":true}]}}